{"id":7388,"date":"2021-08-22T21:03:17","date_gmt":"2021-08-22T18:03:17","guid":{"rendered":"https:\/\/www.eticaretmerkezim.com\/ecompw\/paylasim\/traveler-collective-e-ticaret-islerini-buyutmek-icin-kullanici-tarafindan-uretilen-icerigi-nasil-kullaniyor\/"},"modified":"2021-08-22T21:06:13","modified_gmt":"2021-08-22T18:06:13","slug":"traveller-collective","status":"publish","type":"question","link":"https:\/\/www.eticaretmerkezim.com\/ecompw\/paylasim\/traveller-collective\/","title":{"rendered":"TRAVELLER COLLECTIVE"},"content":{"rendered":"<p>Darryl McIvor, Traveller Collective&#8217;i bulan ki\u015fi, seyahat konusunda tutkulu ve Traveller Collective&#8217;i ba\u015flat\u0131rken misyonu, seyahat etmeyi seven ve d\u00fcnyadaki say\u0131s\u0131z e\u015fitsizlik hakk\u0131nda bir \u015feyler yapmak isteyen insanlar i\u00e7in bir \u015feyler yaratmakt\u0131. <\/p>\n<p>McIvor&#8217;un yaratt\u0131\u011f\u0131 \u015fey, d\u00fcnyadaki her \u00fclke i\u00e7in bir dizi oyulmu\u015f y\u00fcz\u00fckt\u00fc. Gezginler bu y\u00fcz\u00fckleri bir klips veya kolye \u00fczerinde toplayabilir ve her sat\u0131n alma, bir hay\u0131r projesine fon sa\u011flamaya yard\u0131mc\u0131 olur.<br \/>\n100&#8217;den fazla \u00fclkeden 10.000&#8217;den fazla gezgin, Traveler Collective&#8217;den y\u00fcz\u00fck sat\u0131n ald\u0131 ve bu ba\u015far\u0131n\u0131n b\u00fcy\u00fck bir k\u0131sm\u0131 kullan\u0131c\u0131 taraf\u0131ndan olu\u015fturulan i\u00e7eri\u011fe ba\u011fl\u0131. <\/p>\n<p>Markan\u0131n hashtag&#8217;i olan #ontheroadwithtc, Instagram&#8217;da 4.500&#8217;den fazla kez kullan\u0131ld\u0131 ve marka, Instagram profilinde d\u00fczenli olarak kullan\u0131c\u0131 taraf\u0131ndan olu\u015fturulan i\u00e7eri\u011fi yeniden yay\u0131nl\u0131yor.<\/p>\n<p>Traveler Collective markas\u0131, seyahat tutkusunu payla\u015fmak ve d\u00fcnya \u00fczerinde olumlu bir etki yaratabilmek \u00fczerine kurulmu\u015ftur. Bu iki unsur, m\u00fc\u015fteriler i\u00e7in benzersiz, payla\u015f\u0131labilir bir deneyim yaratmak i\u00e7in bir araya gelerek, seyahat deneyimlerini d\u00fcnyayla payla\u015fmalar\u0131na ve ayn\u0131 zamanda geri verdikleri i\u00e7in kendilerini iyi hissetmelerine olanak tan\u0131r.<\/p>\n<p>Traveller Collective&#8217;in kan\u0131tlad\u0131\u011f\u0131 \u015fey, yeni e-Ticaret i\u015finiz hakk\u0131nda heyecan yaratmak i\u00e7in \u00e7ok b\u00fcy\u00fck bir pazarlama b\u00fct\u00e7esine ihtiyac\u0131n\u0131z olmad\u0131\u011f\u0131d\u0131r. Bunun yerine, insanlar\u0131n markan\u0131z hakk\u0131nda konu\u015fmas\u0131n\u0131 sa\u011flamak i\u00e7in benzersiz, payla\u015f\u0131labilir bir deneyime ihtiyac\u0131n\u0131z oldu\u011fudur.<\/p>\n<p>Traveller Collective&#8217;in Hikayesi:<\/p>\n<p>Her \u015fey 2015 y\u0131l\u0131nda en son yurt d\u0131\u015f\u0131 gezisinden sonra ba\u015flad\u0131. Kurucusu Darryl, seyahatleri s\u0131ras\u0131nda, ziyaret ettikleri yerleri temsil etmek i\u00e7in \u00e7antalar\u0131na dikilmi\u015f yamalar ile s\u00fcrekli olarak di\u011fer gezginlerle kar\u015f\u0131la\u015f\u0131rd\u0131. Fikri sevdi, ancak bayraklar onun be\u011fenisine g\u00f6re biraz \u201cy\u00fcksek sesle\u201d idi. Ta\u015f\u0131yabilece\u011fi, incelikli ve yaln\u0131zca ya\u015fad\u0131\u011f\u0131 seyahat deneyimlerini hat\u0131rlatmakla kalmay\u0131p, d\u00fcnyay\u0131 g\u00f6rmeye devam etmek i\u00e7in bir ilham kayna\u011f\u0131 olabilecek bir \u015fey istedi ve seyahat y\u00fcz\u00fcklerini yapmaya karar verdi.<\/p>\n","protected":false},"author":17,"featured_media":7389,"comment_status":"open","ping_status":"closed","template":"","question-category":[63],"question_tags":[127],"_links":{"self":[{"href":"https:\/\/www.eticaretmerkezim.com\/ecompw\/wp-json\/wp\/v2\/question\/7388"}],"collection":[{"href":"https:\/\/www.eticaretmerkezim.com\/ecompw\/wp-json\/wp\/v2\/question"}],"about":[{"href":"https:\/\/www.eticaretmerkezim.com\/ecompw\/wp-json\/wp\/v2\/types\/question"}],"author":[{"embeddable":true,"href":"https:\/\/www.eticaretmerkezim.com\/ecompw\/wp-json\/wp\/v2\/users\/17"}],"replies":[{"embeddable":true,"href":"https:\/\/www.eticaretmerkezim.com\/ecompw\/wp-json\/wp\/v2\/comments?post=7388"}],"wp:featuredmedia":[{"embeddable":true,"href":"https:\/\/www.eticaretmerkezim.com\/ecompw\/wp-json\/wp\/v2\/media\/7389"}],"wp:attachment":[{"href":"https:\/\/www.eticaretmerkezim.com\/ecompw\/wp-json\/wp\/v2\/media?parent=7388"}],"wp:term":[{"taxonomy":"question-category","embeddable":true,"href":"https:\/\/www.eticaretmerkezim.com\/ecompw\/wp-json\/wp\/v2\/question-category?post=7388"},{"taxonomy":"question_tags","embeddable":true,"href":"https:\/\/www.eticaretmerkezim.com\/ecompw\/wp-json\/wp\/v2\/question_tags?post=7388"}],"curies":[{"name":"wp","href":"https:\/\/api.w.org\/{rel}","templated":true}]}}