{"id":6959,"date":"2021-08-19T12:50:16","date_gmt":"2021-08-19T09:50:16","guid":{"rendered":"https:\/\/www.eticaretmerkezim.com\/ecompw\/paylasim\/makarna-kutusu-gorunumunde-barilla-cantalar\/"},"modified":"2021-08-19T17:21:32","modified_gmt":"2021-08-19T14:21:32","slug":"makarna-kutusu-gorunumunde-barilla-cantalar","status":"publish","type":"question","link":"https:\/\/www.eticaretmerkezim.com\/ecompw\/paylasim\/makarna-kutusu-gorunumunde-barilla-cantalar\/","title":{"rendered":"Makarna Kutusu G\u00f6r\u00fcn\u00fcm\u00fcnde Barilla \u00c7antalar"},"content":{"rendered":"<p>Pandemi d\u00f6neminde evde kald\u0131\u011f\u0131m\u0131z s\u00fcre boyunca bize e\u015flik eden bir\u00e7ok \u015feyin yan\u0131 s\u0131ra kendimizi mutfa\u011fa adad\u0131\u011f\u0131m\u0131z bir d\u00f6nem oldu. Bu d\u00f6nemde \u015f\u00fcphesiz en s\u0131k e\u015flik eden ise makarna oldu. \u00c7e\u015fitli soslarla kombinasyon olu\u015fturdu\u011fumuz yeme\u011fin \u00f6z\u00fc her zaman makarna olarak kald\u0131.<\/p>\n<p>Tasar\u0131mc\u0131\u00a0<strong>Nikahla Bentel<\/strong>\u00a0de bu durumu bir ad\u0131m daha \u00f6teye ta\u015f\u0131yarak, pandemi tasar\u0131m\u0131 ortaya \u00e7\u0131karmak istedi.\u00a0Bir kutu makarna bir\u00e7o\u011fumuzun pandemi d\u00f6neminde ayr\u0131lmaz bir par\u00e7as\u0131 oldu.<\/p>\n<p>&nbsp;<\/p>\n<p>Tasar\u0131mc\u0131 Bentel\u2019in bu fikri de\u00a0salg\u0131n d\u00f6neminde her zaman yan\u0131m\u0131zda olan, s\u0131radan bir \u015feyi kullanarak s\u0131k\u0131c\u0131l\u0131ktan kurtarmak ve pandemi sonras\u0131 ya\u015fam i\u00e7in biraz daha heyecan verici bir \u015feye d\u00f6n\u00fc\u015ft\u00fcrme ihtiyac\u0131ndan ortaya \u00e7\u0131kt\u0131. Bentel\u2019in makarna markas\u0131 Barilla\u2019n\u0131n g\u00f6r\u00fcn\u00fc\u015f\u00fcnden yola \u00e7\u0131karak tasarlad\u0131\u011f\u0131 \u00e7antalar\u0131n,\u00a0<strong>Barilla<\/strong>\u00a0ile herhangi bir ba\u011flant\u0131s\u0131 yok.<\/p>\n<p>&nbsp;<\/p>\n<p>11 A\u011fustos\u2019ta piyasaya s\u00fcr\u00fclen \u00e7antalar\u0131n s\u0131n\u0131rl\u0131 say\u0131da olmas\u0131na ve makarna kutusu g\u00f6r\u00fcn\u00fcmde olmas\u0131na ra\u011fmen 199 dolara sat\u0131ld\u0131.<\/p>\n","protected":false},"author":28,"featured_media":6960,"comment_status":"open","ping_status":"closed","template":"","question-category":[63],"question_tags":[124,126,125],"_links":{"self":[{"href":"https:\/\/www.eticaretmerkezim.com\/ecompw\/wp-json\/wp\/v2\/question\/6959"}],"collection":[{"href":"https:\/\/www.eticaretmerkezim.com\/ecompw\/wp-json\/wp\/v2\/question"}],"about":[{"href":"https:\/\/www.eticaretmerkezim.com\/ecompw\/wp-json\/wp\/v2\/types\/question"}],"author":[{"embeddable":true,"href":"https:\/\/www.eticaretmerkezim.com\/ecompw\/wp-json\/wp\/v2\/users\/28"}],"replies":[{"embeddable":true,"href":"https:\/\/www.eticaretmerkezim.com\/ecompw\/wp-json\/wp\/v2\/comments?post=6959"}],"wp:featuredmedia":[{"embeddable":true,"href":"https:\/\/www.eticaretmerkezim.com\/ecompw\/wp-json\/wp\/v2\/media\/6960"}],"wp:attachment":[{"href":"https:\/\/www.eticaretmerkezim.com\/ecompw\/wp-json\/wp\/v2\/media?parent=6959"}],"wp:term":[{"taxonomy":"question-category","embeddable":true,"href":"https:\/\/www.eticaretmerkezim.com\/ecompw\/wp-json\/wp\/v2\/question-category?post=6959"},{"taxonomy":"question_tags","embeddable":true,"href":"https:\/\/www.eticaretmerkezim.com\/ecompw\/wp-json\/wp\/v2\/question_tags?post=6959"}],"curies":[{"name":"wp","href":"https:\/\/api.w.org\/{rel}","templated":true}]}}