{"id":3924,"date":"2021-08-05T21:55:29","date_gmt":"2021-08-05T18:55:29","guid":{"rendered":"https:\/\/www.eticaretmerkezim.com\/ecompw\/paylasim\/degisen-tuketici-davranisinin-onune-gecmek-icin-3-ipucu\/"},"modified":"2021-08-05T21:56:21","modified_gmt":"2021-08-05T18:56:21","slug":"degisen-tuketici-davranisinin-onune-gecmek-icin-3-ipucu","status":"publish","type":"question","link":"https:\/\/www.eticaretmerkezim.com\/ecompw\/paylasim\/degisen-tuketici-davranisinin-onune-gecmek-icin-3-ipucu\/","title":{"rendered":"De\u011fi\u015fen T\u00fcketici Davran\u0131\u015f\u0131n\u0131n \u00d6n\u00fcne Ge\u00e7mek i\u00e7in 3 \u0130pucu"},"content":{"rendered":"<p>Pek \u00e7ok ki\u015finin se\u00e7tikleri al\u0131\u015fveri\u015f y\u00f6ntemi olarak e-ticareti se\u00e7mesiyle dijital alan, 2021&#8217;deki kadar rekabet\u00e7i olmam\u0131\u015ft\u0131. \u00c7evrimi\u00e7i varl\u0131k ba\u015far\u0131 i\u00e7in daha kritik hale geldi\u011finden, bir\u00e7ok marka s\u00fcrekli olarak yeni tutum ve davran\u0131\u015flara uyum sa\u011flam\u0131\u015ft\u0131r.<br \/>\nT\u00fcketici davran\u0131\u015f\u0131 s\u00fcrekli de\u011fi\u015fiyor ve sosyal medya ajanslar\u0131n\u0131n rol\u00fc, bu yeni davran\u0131\u015flara uyum sa\u011flamak ve her zaman bir kitlenin dikkatini \u00e7ekmeye devam etmelerini sa\u011flamak i\u00e7in ortaya \u00e7\u0131kan e\u011filimleri belirlemek.<br \/>\nAncak, pazarlama uzman\u0131 olmayan bizler i\u00e7in bu yeni davran\u0131\u015flar nelerdir ve bunlar\u0131 nas\u0131l yakalayabiliriz?<br \/>\nOrtaya \u00e7\u0131kan \u00fc\u00e7 yeni al\u0131\u015fveri\u015f\u00e7i t\u00fcr\u00fcn\u00fc ve s\u00fcrekli de\u011fi\u015fen t\u00fcketici davran\u0131\u015flar\u0131n\u0131n \u00f6n\u00fcne ge\u00e7mek i\u00e7in en \u00f6nemli ipu\u00e7lar\u0131:<\/p>\n<p>1) Sosyal Al\u0131\u015fveri\u015f Yapan:<\/p>\n<p>\u0130nsanlar, tamamen karantinada olduklar\u0131 pandemi s\u0131ras\u0131nda sosyal medyada daha fazla zaman harcamaya ba\u015flad\u0131.<br \/>\nTelefonlar\u0131nda Instagram ve Facebook&#8217;ta gezinen daha fazla ki\u015fiyle, Facebook Shop ve Instagram&#8217;\u0131n yeni uygulama i\u00e7i check-out \u00f6zelli\u011fi gibi, tek bir uygulamada gezinme ve sat\u0131n alma i\u00e7in yeni etkili yollar ortaya \u00e7\u0131kt\u0131.<br \/>\nTek bir uygulamada ke\u015fiften sat\u0131n almaya kadar kolayl\u0131k, yeni bir t\u00fcr sosyal al\u0131\u015fveri\u015f\u00e7iyi ve i\u00e7eride kalma gereksinimlerini k\u00f6r\u00fckledi.<br \/>\nMarkan\u0131z\u0131n bu yeni sosyal medya m\u00fc\u015fterisi dalgas\u0131 i\u00e7in tamamen optimize edildi\u011finden emin olmak i\u00e7in sa\u011flam bir sosyal medya stratejiniz olmal\u0131d\u0131r.<br \/>\nKullan\u0131c\u0131lara ke\u015fiften potansiyel geri d\u00f6nen bir m\u00fc\u015fteriye kadar kesintisiz bir \u00e7evrimi\u00e7i al\u0131\u015fveri\u015f deneyimi sunmak i\u00e7in bir e-ticaret platformuyla ortak olmak da faydal\u0131d\u0131r.<\/p>\n<p>2) Takip Edilemez Al\u0131\u015fveri\u015f\u00e7i:<\/p>\n<p>Uygulamalar, veri toplamay\u0131 etkinle\u015ftirmek isteyip istemediklerini her uygulama i\u00e7in kullan\u0131c\u0131ya soracakt\u0131r.<br \/>\nKullan\u0131c\u0131 bu izni reddetmeyi se\u00e7erse, Facebook gibi uygulamalar, Pikselleri arac\u0131l\u0131\u011f\u0131yla site ve uygulama davran\u0131\u015flar\u0131n\u0131 izlemek i\u00e7in g\u00f6r\u00fcn\u00fcrl\u00fc\u011f\u00fc azaltacakt\u0131r.<br \/>\nSonu\u00e7 olarak, al\u0131\u015fveri\u015f yapanlar \u00fc\u00e7\u00fcnc\u00fc taraf verileri konusunda her zamankinden daha fazla korumac\u0131. Bu, pazarlamac\u0131lar\u0131n ve i\u015fletme sahiplerinin, bir E-ticaret ma\u011fazas\u0131 gibi \u00fc\u00e7\u00fcnc\u00fc taraf web sitelerinden elde edilen de\u011ferli i\u00e7g\u00f6r\u00fclere ve bilgilere eri\u015fmesini zorla\u015ft\u0131r\u0131yor.<br \/>\nMarkalar, bu son de\u011fi\u015fikli\u011fi ak\u0131lda tutmal\u0131 ve bu yeni davran\u0131\u015ftan kaynaklanan zarar\u0131 en aza indirmek i\u00e7in t\u00fcketicileriyle etkile\u015fim kurman\u0131n ve onlardan bilgi toplaman\u0131n alternatif yollar\u0131n\u0131 aramal\u0131.<\/p>\n<p>3) Ye\u015fil Al\u0131\u015fveri\u015f\u00e7i:<\/p>\n<p>COVID&#8217;in etkisinin yan\u0131 s\u0131ra, bir\u00e7ok t\u00fcketici, \u00f6zellikle daha gen\u00e7 demografidekiler olmak \u00fczere, son y\u0131llarda iklim de\u011fi\u015fikli\u011fi konusunda artan endi\u015felere sahiptir. Giderek daha fazla m\u00fc\u015fteri, sat\u0131n ald\u0131klar\u0131 markalar\u0131n, herkesin gezegenimizi korumak i\u00e7in \u00fczerine d\u00fc\u015feni yapmas\u0131 gerekti\u011fine dair inan\u00e7lar\u0131yla uyumlu olmas\u0131n\u0131 istiyor.<br \/>\n\u00c7evrimi\u00e7i i\u015fletmeler, ye\u015fil ile ili\u015fki kurmak istiyorlarsa, s\u00fcrd\u00fcr\u00fclebilir uygulamalar\u0131 birle\u015ftirmeye \u00e7al\u0131\u015fmal\u0131d\u0131r. Bu, daha ye\u015fil bir e-ticaret ortam\u0131 olu\u015fturmaya yard\u0131mc\u0131 olmak i\u00e7in adil ticaret kurulu\u015flar\u0131ndan \u00fcr\u00fcn tedarik etmeyi ve vegan i\u00e7ermeyen, zul\u00fcm i\u00e7ermeyen \u00fcr\u00fcnler ve serbest dola\u015fan et gibi di\u011fer ye\u015fil uygulamalar\u0131 i\u00e7erir.<br \/>\nAyr\u0131ca, iklim de\u011fi\u015fikli\u011fine kar\u015f\u0131 m\u00fccadelede kendi rollerini \u00fcstlenmeyen veya oynamayan markalara seslenmekten de korkmuyorlar, bu y\u00fczden m\u00fcmk\u00fcn olan her yerde daha ye\u015fil t\u00fcketim al\u0131\u015fkanl\u0131klar\u0131n\u0131 dahil etti\u011finizden emin olun ve bunu hayk\u0131rmaktan korkmay\u0131n.<\/p>\n<p>Nihayetinde, belirtildi\u011fi gibi dijital alan s\u00fcrekli de\u011fi\u015fiyor.<br \/>\nT\u00fcketici davran\u0131\u015f\u0131 de\u011fi\u015fikliklerinden kaynaklanan zararlar\u0131 en aza indirmek ve s\u00fcrekli de\u011fi\u015fen e-ticaret d\u00fcnyas\u0131n\u0131n ak\u0131\u015f\u0131nda kalmak i\u00e7in trendleri takip etmeli ve ara\u015ft\u0131rman\u0131z\u0131 y\u00fcr\u00fctmelisiniz.<\/p>\n","protected":false},"author":17,"featured_media":3929,"comment_status":"open","ping_status":"closed","template":"","question-category":[63],"question_tags":[67],"_links":{"self":[{"href":"https:\/\/www.eticaretmerkezim.com\/ecompw\/wp-json\/wp\/v2\/question\/3924"}],"collection":[{"href":"https:\/\/www.eticaretmerkezim.com\/ecompw\/wp-json\/wp\/v2\/question"}],"about":[{"href":"https:\/\/www.eticaretmerkezim.com\/ecompw\/wp-json\/wp\/v2\/types\/question"}],"author":[{"embeddable":true,"href":"https:\/\/www.eticaretmerkezim.com\/ecompw\/wp-json\/wp\/v2\/users\/17"}],"replies":[{"embeddable":true,"href":"https:\/\/www.eticaretmerkezim.com\/ecompw\/wp-json\/wp\/v2\/comments?post=3924"}],"wp:featuredmedia":[{"embeddable":true,"href":"https:\/\/www.eticaretmerkezim.com\/ecompw\/wp-json\/wp\/v2\/media\/3929"}],"wp:attachment":[{"href":"https:\/\/www.eticaretmerkezim.com\/ecompw\/wp-json\/wp\/v2\/media?parent=3924"}],"wp:term":[{"taxonomy":"question-category","embeddable":true,"href":"https:\/\/www.eticaretmerkezim.com\/ecompw\/wp-json\/wp\/v2\/question-category?post=3924"},{"taxonomy":"question_tags","embeddable":true,"href":"https:\/\/www.eticaretmerkezim.com\/ecompw\/wp-json\/wp\/v2\/question_tags?post=3924"}],"curies":[{"name":"wp","href":"https:\/\/api.w.org\/{rel}","templated":true}]}}