{"id":11481,"date":"2021-09-23T14:11:35","date_gmt":"2021-09-23T11:11:35","guid":{"rendered":"https:\/\/www.eticaretmerkezim.com\/ecompw\/paylasim\/riza-eren-ile-ucretsiz-temel-dijital-pazarlama-ve-sosyal-medya-egitimi\/"},"modified":"2021-10-13T21:52:00","modified_gmt":"2021-10-13T18:52:00","slug":"riza-eren-ile-ucretsiz-temel-dijital-pazarlama-ve-sosyal-medya-egitimi","status":"publish","type":"question","link":"https:\/\/www.eticaretmerkezim.com\/ecompw\/paylasim\/riza-eren-ile-ucretsiz-temel-dijital-pazarlama-ve-sosyal-medya-egitimi\/","title":{"rendered":"R\u0131za Eren ile \u00dccretsiz Temel Dijital Pazarlama ve Sosyal Medya E\u011fitimi"},"content":{"rendered":"<p><b><i>E\u011fitim Hakk\u0131nda:<\/i><\/b><\/p>\n<p><span style=\"font-weight: 400;\">Sosyal Medya kavram\u0131n\u0131, \u00e7\u0131k\u0131\u015f noktas\u0131n\u0131 \u00f6\u011frenirken, ayn\u0131 zamanda t\u00fcm sosyal medya platformlar\u0131n\u0131n dinamiklerine hakim olacaks\u0131n\u0131z.<\/span><\/p>\n<p><span style=\"font-weight: 400;\">Sosyal medya ve geleneksel medyan\u0131n birbirinden ayr\u0131lan noktalar\u0131n\u0131 ve sosyal medya terimlerine hakim olacaks\u0131n\u0131z.<\/span><\/p>\n<p><span style=\"font-weight: 400;\">Platformlarda hedef kitleye do\u011fru ve etkili bir \u015fekilde nas\u0131l eri\u015febilece\u011fini \u00f6\u011frenirken ayr\u0131ca sosyal medya platformlar\u0131nda \u00fcr\u00fcn, hizmet veya yetene\u011finizi etkili bir \u015fekilde pazarlamak i\u00e7in i\u00e7erik \u00fcretirken nelere dikkat etmeniz gerekti\u011fini de hakim olacaks\u0131n\u0131z.<\/span><\/p>\n<p><a class=\"basvuru\" href=\"https:\/\/www.eticaretmerkezim.com\/ecompw\/riza-eren-ile-ucretsiz-temel-dijital-pazarlama-ve-sosyal-medya-egitimi\/\">Kay\u0131t Ol<\/a><\/p>\n<p><b><i>Bu E\u011fitimde Neler \u00d6\u011frenece\u011fiz?<\/i><\/b><\/p>\n<ul>\n<li><span style=\"font-weight: 400;\">Sosyal medyan\u0131n hayat\u0131m\u0131za giri\u015fi ve geleneksel medyadan farklar\u0131<\/span><\/li>\n<li><span style=\"font-weight: 400;\">Sosyal medya platformlar\u0131 ve terimleri<\/span><\/li>\n<li><span style=\"font-weight: 400;\">Sosyal medyan\u0131n sat\u0131n almaya etkileri<\/span><\/li>\n<li><span style=\"font-weight: 400;\">Dijital pazarlama nedir?<\/span><\/li>\n<li><span style=\"font-weight: 400;\">Dijital pazarlaman\u0131n geleneksel pazarlamadan farklar\u0131 nelerdir?<\/span><\/li>\n<\/ul>\n<p><span style=\"font-weight: 400;\">\u00a0\u00a0\u00a0\u00a0\u00a0\u00a0\u00a0\u00a0Ve daha fazlas\u0131..<\/span><\/p>\n<p>&nbsp;<\/p>\n<p><b><i>E\u011fitim Kimler \u0130\u00e7in:<\/i><\/b><\/p>\n<p><span style=\"font-weight: 400;\">Hali haz\u0131rda \u00fcniversitelerin grafik tasar\u0131m, pazarlama, ileti\u015fim, halkla ili\u015fkiler, sosyoloji, psikoloji, istatistik vb. b\u00f6l\u00fcmlerinde okuyan \u00f6\u011frenciler kat\u0131labilir.<\/span><\/p>\n<p><b><i>E\u011fitim A\u015famalar\u0131:<\/i><\/b><\/p>\n<p><span style=\"font-weight: 400;\">19 Eyl\u00fcl &#8211; Ba\u015fvuru Ba\u015flang\u0131\u00e7 Tarihi\u00a0<\/span><\/p>\n<p><span style=\"font-weight: 400;\">8 Ekim &#8211; Son Ba\u015fvuru Tarihi\u00a0<\/span><\/p>\n<p><span style=\"font-weight: 400;\">9-10 Ekim &#8211; CV \u0130nceleme\u00a0<\/span><\/p>\n<p><span style=\"font-weight: 400;\">11-13 Ekim &#8211; M\u00fclakat S\u00fcreci<\/span><\/p>\n<p><span style=\"font-weight: 400;\">14 Ekim &#8211; Kazananlar\u0131n A\u00e7\u0131klanmas\u0131\u00a0<\/span><\/p>\n<p><span style=\"font-weight: 400;\">16-17 Ekim &#8211; E\u011fitim Tarihi<\/span><\/p>\n<p><b><i>E\u011fitim Detaylar\u0131:<\/i><\/b><\/p>\n<p><span style=\"font-weight: 400;\">E\u011fitimimiz 16-17 Ekim tarihlerinde 14:00-16:30 saatleri aral\u0131\u011f\u0131nda olacakt\u0131r. E\u011fitimimiz toplam 5 saat s\u00fcrecektir.<\/span><\/p>\n<p><span style=\"font-weight: 400;\">E\u011fitimimiz Zoom platformu \u00fczerinden online yap\u0131lacakt\u0131r.\u00a0<\/span><\/p>\n<p><span style=\"font-weight: 400;\">E\u011fitimde kamera a\u00e7ma zorunlulu\u011fu vard\u0131r.<\/span><\/p>\n<p><span style=\"font-weight: 400;\">E\u011fitimimiz tamamen \u00fccretsizdir.\u00a0<\/span><\/p>\n<p><span style=\"font-weight: 400;\">%80 devam zorunlulu\u011fu vard\u0131r. E\u011fitimde devam zorunlulu\u011funu sa\u011flayan ki\u015filer kat\u0131l\u0131m belgesi almaya hak kazanacakt\u0131r.<\/span><\/p>\n<p><b><i>E\u011fitmen LinkedIn Profili: <\/i><\/b><span style=\"font-weight: 400;\">linkedin.com\/in\/r\u0131za-eren-3368a5112<\/span><\/p>\n<p><b><i>E\u011fitmenimiz Hakk\u0131nda:<\/i><\/b><\/p>\n<p><span style=\"font-weight: 400;\">R\u0131za Eren 1991 Bursa do\u011fumludur. 2014 yaz\u0131nda Barselona\u2019daki staj\u0131n\u0131n ard\u0131ndan, 2015 y\u0131l\u0131nda \u00c7ukurova \u00dcniversite\u2019sinde Radyo Televizyon Programc\u0131l\u0131\u011f\u0131 ve Sinema e\u011fitimini tamamlam\u0131\u015ft\u0131r.<\/span><\/p>\n<p><span style=\"font-weight: 400;\">Ayn\u0131 y\u0131l \u0130stanbul\u2019a yerle\u015fen R\u0131za Eren, ilk \u00fc\u00e7 ay\u0131 reklam ajans\u0131 b\u00fcnyesinde daha sonra da \u00f6zel bir haber ajans\u0131 b\u00fcnyesinde olmak \u00fczere, TRT Haber\u2019de yay\u0131nlanan \u201cD\u00fcnya G\u00fcndemi\u201d ve TRT Avaz\u2019da yay\u0131nlanan \u201cDevrialem\u201d programlar\u0131n\u0131n sosyal medya y\u00f6neticili\u011fini yapm\u0131\u015ft\u0131r. Ayn\u0131 zamanda TRT&#8217;ye d\u0131\u015f yap\u0131m olarak hizmet veren ajans\u0131n dijital medyadaki t\u00fcm platformlar\u0131nda i\u00e7erik edit\u00f6rl\u00fc\u011f\u00fc g\u00f6revini \u00fcstlenmi\u015ftir.<\/span><\/p>\n<p><span style=\"font-weight: 400;\">Profesyonel i\u015flerinin yan\u0131 s\u0131ra, 2015-2016 y\u0131llar\u0131 aras\u0131nda T\u00fcrkiye\u2019nin en b\u00fcy\u00fck ba\u011f\u0131ms\u0131z sinema platformlar\u0131ndan biri olan Fil\u2019m Haf\u0131zas\u0131\u2019nda g\u00f6n\u00fcll\u00fc olarak dijital medya i\u00e7erikleri \u00fcretmi\u015ftir.<\/span><\/p>\n<p><span style=\"font-weight: 400;\">\u0130lerleyen s\u00fcre\u00e7te, S\u0131nav Koleji gibi \u00f6zellikle e\u011fitim sekt\u00f6r\u00fcnde \u00f6nde gelen kurumlara sosyal medya y\u00f6netimi, dijital pazarlama ve kurumsal ileti\u015fim alanlar\u0131nda dan\u0131\u015fmanl\u0131klar vermi\u015ftir. 2019 y\u0131l\u0131nda SEM Akademi\u2019nin dijital pazarlama departman\u0131n\u0131n ba\u015f\u0131na ge\u00e7mi\u015ftir. 2020 y\u0131l\u0131 itibar\u0131yla da Alt\u0131nba\u015f \u00dcniversitesi i\u015f birli\u011fiyle online olarak haz\u0131rlanan \u201cDijital Pazarlama ve Sosyal Medya Uzmanl\u0131\u011f\u0131\u201d sertifikal\u0131 e\u011fitiminde e\u011fitmenlik g\u00f6revi \u00fcstlenmi\u015f ve T\u00fcrkiye\u2019nin her yerinden binlerce kursiyerine e\u011fitimler vermeyi s\u00fcrd\u00fcrmektedir.\u00a0<\/span><\/p>\n<p><span style=\"font-weight: 400;\">Son olarak 2021 y\u0131l\u0131nda kendi dan\u0131\u015fmanl\u0131k \u015firketini kuran R\u0131za Eren, dijital d\u00fcnyada markalar\u0131n\u0131 b\u00fcy\u00fctmek isteyen dan\u0131\u015fanlar\u0131na deneyimli ekibiyle birlikte \u00f6zg\u00fcn ve profesyonel \u00e7\u00f6z\u00fcmler sunarak \u00e7al\u0131\u015fmalar\u0131na devam etmektedir.\u00a0\u00a0<\/span><\/p>\n<p><a class=\"basvuru\" href=\"https:\/\/www.eticaretmerkezim.com\/ecompw\/riza-eren-ile-ucretsiz-temel-dijital-pazarlama-ve-sosyal-medya-egitimi\/\">Kay\u0131t Ol<\/a><\/p>\n","protected":false},"author":10,"featured_media":11482,"comment_status":"open","ping_status":"closed","template":"","question-category":[45],"question_tags":[89,53,139,135],"_links":{"self":[{"href":"https:\/\/www.eticaretmerkezim.com\/ecompw\/wp-json\/wp\/v2\/question\/11481"}],"collection":[{"href":"https:\/\/www.eticaretmerkezim.com\/ecompw\/wp-json\/wp\/v2\/question"}],"about":[{"href":"https:\/\/www.eticaretmerkezim.com\/ecompw\/wp-json\/wp\/v2\/types\/question"}],"author":[{"embeddable":true,"href":"https:\/\/www.eticaretmerkezim.com\/ecompw\/wp-json\/wp\/v2\/users\/10"}],"replies":[{"embeddable":true,"href":"https:\/\/www.eticaretmerkezim.com\/ecompw\/wp-json\/wp\/v2\/comments?post=11481"}],"wp:featuredmedia":[{"embeddable":true,"href":"https:\/\/www.eticaretmerkezim.com\/ecompw\/wp-json\/wp\/v2\/media\/11482"}],"wp:attachment":[{"href":"https:\/\/www.eticaretmerkezim.com\/ecompw\/wp-json\/wp\/v2\/media?parent=11481"}],"wp:term":[{"taxonomy":"question-category","embeddable":true,"href":"https:\/\/www.eticaretmerkezim.com\/ecompw\/wp-json\/wp\/v2\/question-category?post=11481"},{"taxonomy":"question_tags","embeddable":true,"href":"https:\/\/www.eticaretmerkezim.com\/ecompw\/wp-json\/wp\/v2\/question_tags?post=11481"}],"curies":[{"name":"wp","href":"https:\/\/api.w.org\/{rel}","templated":true}]}}